












{"id":570,"date":"2018-01-15T09:17:54","date_gmt":"2018-01-15T08:17:54","guid":{"rendered":"https:\/\/www.konflikthilfe.at\/?page_id=570"},"modified":"2018-02-12T09:46:25","modified_gmt":"2018-02-12T08:46:25","slug":"press-articles","status":"publish","type":"page","link":"https:\/\/www.konflikthilfe.at\/en\/media\/press-articles\/","title":{"rendered":"Press Articles"},"content":{"rendered":"<h1>Press Articles<\/h1>\n\n\n    <a name=\"anchor-zeitungsartikel-en\" class=\"anchor anchor2\"><\/a>\n\n    <ul id=\"articles-zeitungsartikel-en\" class=\"articles cols3 cols gap0 clearfix \">\n\n\n            <li class=\"entry col clearfix\">\n    \n            <a href=\"https:\/\/www.konflikthilfe.at\/en\/15-12-2024-report-24-news\/\">    \n    <div class=\"pic\">\n        <div class=\"picbox\">\n            <img loading=\"lazy\" decoding=\"async\" width=\"600\" height=\"400\" src=\"https:\/\/www.konflikthilfe.at\/wp\/wp-content\/uploads\/Report-24-news-1-600x400.png\" class=\"attachment-articlepic size-articlepic wp-post-image\" alt=\"\" \/>        <\/div>\n    <\/div>\n\n    <div class=\"desc excerptfull \" >\n        <h4>15.12.2024 \u2013 Report 24 News<\/h4>\n        <div class=\"excerpt\">\n            <p>\"Weihnachtswunder n\u00f6tig: Zuvor unbescholtene \u00c4rztin f\u00fcr Ohrfeige zu f\u00fcnf Jahren Haft verurteilt!\"<\/p>        <\/div>\n    <\/div>\n\n            <\/a>\n    \n    <\/li>\n\n    \n            <li class=\"entry col clearfix\">\n    \n            <a href=\"https:\/\/www.konflikthilfe.at\/en\/04-12-2023-rtv\/\">    \n    <div class=\"pic\">\n        <div class=\"picbox\">\n            <img loading=\"lazy\" decoding=\"async\" width=\"600\" height=\"400\" src=\"https:\/\/www.konflikthilfe.at\/wp\/wp-content\/uploads\/2-600x400.jpg\" class=\"attachment-articlepic size-articlepic wp-post-image\" alt=\"\" \/>        <\/div>\n    <\/div>\n\n    <div class=\"desc excerptfull \" >\n        <h4>04.12.2023, RTV<\/h4>\n        <div class=\"excerpt\">\n            <p>'Keine Impfung: Mutter wird Kind weggenommen!\"<\/p>        <\/div>\n    <\/div>\n\n            <\/a>\n    \n    <\/li>\n\n    \n            <li class=\"entry col clearfix\">\n    \n            <a href=\"https:\/\/www.konflikthilfe.at\/en\/01-12-2023-oe24\/\">    \n    <div class=\"pic\">\n        <div class=\"picbox\">\n            <img loading=\"lazy\" decoding=\"async\" width=\"600\" height=\"400\" src=\"https:\/\/www.konflikthilfe.at\/wp\/wp-content\/uploads\/Unbenannt-6-600x400.jpg\" class=\"attachment-articlepic size-articlepic wp-post-image\" alt=\"\" \/>        <\/div>\n    <\/div>\n\n    <div class=\"desc excerptfull \" >\n        <h4>01.12.2023, OE24<\/h4>\n        <div class=\"excerpt\">\n            <p>\u201eJetzt spricht \u00d6sterreich: Das gro\u00dfe oe24.tv B\u00fcrgerforum\"<\/p>        <\/div>\n    <\/div>\n\n            <\/a>\n    \n    <\/li>\n\n    \n            <li class=\"entry col clearfix\">\n    \n            <a href=\"https:\/\/www.konflikthilfe.at\/en\/22-10-2023-oe24-tv-burgerforum-2\/\">    \n    <div class=\"pic\">\n        <div class=\"picbox\">\n            <img loading=\"lazy\" decoding=\"async\" width=\"600\" height=\"400\" src=\"https:\/\/www.konflikthilfe.at\/wp\/wp-content\/uploads\/Tews-600x400.jpg\" class=\"attachment-articlepic size-articlepic wp-post-image\" alt=\"\" \/>        <\/div>\n    <\/div>\n\n    <div class=\"desc excerptfull \" >\n        <h4>22.10.2023, oe24.TV B\u00fcrgerforum<\/h4>\n        <div class=\"excerpt\">\n            <p>\"Politischer Islam - Jetzt spricht \u00d6sterreich\"<\/p>        <\/div>\n    <\/div>\n\n            <\/a>\n    \n    <\/li>\n\n    \n            <li class=\"entry col clearfix\">\n    \n            <a href=\"https:\/\/www.konflikthilfe.at\/en\/27-09-2023-oe24\/\">    \n    <div class=\"pic\">\n        <div class=\"picbox\">\n            <img loading=\"lazy\" decoding=\"async\" width=\"600\" height=\"400\" src=\"https:\/\/www.konflikthilfe.at\/wp\/wp-content\/uploads\/1-2-600x400.jpg\" class=\"attachment-articlepic size-articlepic wp-post-image\" alt=\"\" \/>        <\/div>\n    <\/div>\n\n    <div class=\"desc excerptfull \" >\n        <h4>27.09.2023, OE24<\/h4>\n        <div class=\"excerpt\">\n            <p>\u201eDie Insider - Astrid Wagner vs. Margaret Tews\"<\/p>        <\/div>\n    <\/div>\n\n            <\/a>\n    \n    <\/li>\n\n    \n            <li class=\"entry col clearfix\">\n    \n            <a href=\"https:\/\/www.konflikthilfe.at\/en\/11-09-2023-oe24\/\">    \n    <div class=\"pic\">\n        <div class=\"picbox\">\n            <img loading=\"lazy\" decoding=\"async\" width=\"600\" height=\"400\" src=\"https:\/\/www.konflikthilfe.at\/wp\/wp-content\/uploads\/Unbenannt-5-600x400.jpg\" class=\"attachment-articlepic size-articlepic wp-post-image\" alt=\"\" \/>        <\/div>\n    <\/div>\n\n    <div class=\"desc excerptfull \" >\n        <h4>11.09.2023, OE24<\/h4>\n        <div class=\"excerpt\">\n            <p>\u201eDie Insinder: Special zum Teichmeister-Urteil\"<\/p>        <\/div>\n    <\/div>\n\n            <\/a>\n    \n    <\/li>\n\n    \n            <li class=\"entry col clearfix\">\n    \n            <a href=\"https:\/\/www.konflikthilfe.at\/en\/14-08-2023-report-24-2\/\">    \n    <div class=\"pic\">\n        <div class=\"picbox\">\n            <img loading=\"lazy\" decoding=\"async\" width=\"600\" height=\"400\" src=\"https:\/\/www.konflikthilfe.at\/wp\/wp-content\/uploads\/Konflikthilfe-aus-Wien-600x400.jpg\" class=\"attachment-articlepic size-articlepic wp-post-image\" alt=\"\" \/>        <\/div>\n    <\/div>\n\n    <div class=\"desc excerptfull \" >\n        <h4>28.08.2023, OE24<\/h4>\n        <div class=\"excerpt\">\n            <p>\u201eJetzt spricht \u00d6sterreich: Das gro\u00dfe oe24.tv B\u00fcrgerforum\"<\/p>        <\/div>\n    <\/div>\n\n            <\/a>\n    \n    <\/li>\n\n    \n            <li class=\"entry col clearfix\">\n    \n            <a href=\"https:\/\/www.konflikthilfe.at\/en\/05-12-2023-rtv\/\">    \n    <div class=\"pic\">\n        <div class=\"picbox\">\n            <img loading=\"lazy\" decoding=\"async\" width=\"600\" height=\"400\" src=\"https:\/\/www.konflikthilfe.at\/wp\/wp-content\/uploads\/1-3-600x400.jpg\" class=\"attachment-articlepic size-articlepic wp-post-image\" alt=\"\" \/>        <\/div>\n    <\/div>\n\n    <div class=\"desc excerptfull \" >\n        <h4>05.12.2023, RTV<\/h4>\n        <div class=\"excerpt\">\n            <p>\u201eKinder und Sexualaufkl\u00e4rung\"<\/p>        <\/div>\n    <\/div>\n\n            <\/a>\n    \n    <\/li>\n\n    \n            <li class=\"entry col clearfix\">\n    \n            <a href=\"https:\/\/www.konflikthilfe.at\/en\/14-08-2023-report-24\/\">    \n    <div class=\"pic\">\n        <div class=\"picbox\">\n            <img loading=\"lazy\" decoding=\"async\" width=\"600\" height=\"400\" src=\"https:\/\/www.konflikthilfe.at\/wp\/wp-content\/uploads\/Konflikthilfe-3-600x400.jpg\" class=\"attachment-articlepic size-articlepic wp-post-image\" alt=\"\" \/>        <\/div>\n    <\/div>\n\n    <div class=\"desc excerptfull \" >\n        <h4>14.08.2023, REPORT 24<\/h4>\n        <div class=\"excerpt\">\n            <p>\"Aus f\u00fcr P\u00e4dophilenhandbuch und Missbrauch! Eine Mediatorin im Einsatz f\u00fcr die Kinder\"<\/p>        <\/div>\n    <\/div>\n\n            <\/a>\n    \n    <\/li>\n\n    \n            <li class=\"entry col clearfix\">\n    \n            <a href=\"https:\/\/www.konflikthilfe.at\/en\/18-07-2023-oe24\/\">    \n    <div class=\"pic\">\n        <div class=\"picbox\">\n            <img loading=\"lazy\" decoding=\"async\" width=\"600\" height=\"400\" src=\"https:\/\/www.konflikthilfe.at\/wp\/wp-content\/uploads\/konflikthilfe-2-600x400.jpg\" class=\"attachment-articlepic size-articlepic wp-post-image\" alt=\"\" \/>        <\/div>\n    <\/div>\n\n    <div class=\"desc excerptfull \" >\n        <h4>18.07.2023, OE24<\/h4>\n        <div class=\"excerpt\">\n            <p>\u201eJetzt spricht \u00d6sterreich: Das gro\u00dfe oe24.tv B\u00fcrgerforum\"<\/p>        <\/div>\n    <\/div>\n\n            <\/a>\n    \n    <\/li>\n\n    \n            <li class=\"entry col clearfix\">\n    \n            <a href=\"https:\/\/www.konflikthilfe.at\/en\/27-06-2023-oe24\/\">    \n    <div class=\"pic\">\n        <div class=\"picbox\">\n            <img loading=\"lazy\" decoding=\"async\" width=\"600\" height=\"400\" src=\"https:\/\/www.konflikthilfe.at\/wp\/wp-content\/uploads\/bild-3-600x400.jpg\" class=\"attachment-articlepic size-articlepic wp-post-image\" alt=\"\" \/>        <\/div>\n    <\/div>\n\n    <div class=\"desc excerptfull \" >\n        <h4>27.06.2023, OE24<\/h4>\n        <div class=\"excerpt\">\n            <p>\u201eBub in Hundebox wird zum Beh\u00f6rdenskandal\"<\/p>        <\/div>\n    <\/div>\n\n            <\/a>\n    \n    <\/li>\n\n    \n            <li class=\"entry col clearfix\">\n    \n            <a href=\"https:\/\/www.konflikthilfe.at\/en\/16-06-2023-oo-krone\/\">    \n    <div class=\"pic\">\n        <div class=\"picbox\">\n            <img loading=\"lazy\" decoding=\"async\" width=\"600\" height=\"400\" src=\"https:\/\/www.konflikthilfe.at\/wp\/wp-content\/uploads\/Konflikthilfe-1-600x400.jpg\" class=\"attachment-articlepic size-articlepic wp-post-image\" alt=\"\" \/>        <\/div>\n    <\/div>\n\n    <div class=\"desc excerptfull \" >\n        <h4>16.06.2023, O\u00d6 Krone<\/h4>\n        <div class=\"excerpt\">\n            <p>\u201eKind in Hundebox gesperrt: Beh\u00f6rden haben versagt\"\u201c<\/p>        <\/div>\n    <\/div>\n\n            <\/a>\n    \n    <\/li>\n\n    \n            <li class=\"entry col clearfix\">\n    \n            <a href=\"https:\/\/www.konflikthilfe.at\/en\/25-05-2023-oo-krone\/\">    \n    <div class=\"pic\">\n        <div class=\"picbox\">\n            <img loading=\"lazy\" decoding=\"async\" width=\"600\" height=\"400\" src=\"https:\/\/www.konflikthilfe.at\/wp\/wp-content\/uploads\/Unbenannt-4-600x400.jpg\" class=\"attachment-articlepic size-articlepic wp-post-image\" alt=\"\" \/>        <\/div>\n    <\/div>\n\n    <div class=\"desc excerptfull \" >\n        <h4>25.05.2023, O\u00d6 Krone<\/h4>\n        <div class=\"excerpt\">\n            <p>\u201eKindersexpuppen geh\u00f6ren endlich verboten\u201c<\/p>        <\/div>\n    <\/div>\n\n            <\/a>\n    \n    <\/li>\n\n    \n            <li class=\"entry col clearfix\">\n    \n            <a href=\"https:\/\/www.konflikthilfe.at\/en\/16-03-2023-exxpress\/\">    \n    <div class=\"pic\">\n        <div class=\"picbox\">\n            <img loading=\"lazy\" decoding=\"async\" width=\"600\" height=\"400\" src=\"https:\/\/www.konflikthilfe.at\/wp\/wp-content\/uploads\/Kinderschuetzer-600x400.jpg\" class=\"attachment-articlepic size-articlepic wp-post-image\" alt=\"\" \/>        <\/div>\n    <\/div>\n\n    <div class=\"desc excerptfull \" >\n        <h4>16.03.2023, exxpress<\/h4>\n        <div class=\"excerpt\">\n            <p>'Kindersch\u00fctzer warnen vor Drag-Shows: \"Schwer traumatisierend f\u00fcr F\u00fcnfj\u00e4hrige\"'<\/p>        <\/div>\n    <\/div>\n\n            <\/a>\n    \n    <\/li>\n\n    \n            <li class=\"entry col clearfix\">\n    \n            <a href=\"https:\/\/www.konflikthilfe.at\/en\/16-03-2023-exxpress-2\/\">    \n    <div class=\"pic\">\n        <div class=\"picbox\">\n            <img loading=\"lazy\" decoding=\"async\" width=\"600\" height=\"400\" src=\"https:\/\/www.konflikthilfe.at\/wp\/wp-content\/uploads\/Exxpress-Kommentare-600x400.jpg\" class=\"attachment-articlepic size-articlepic wp-post-image\" alt=\"\" \/>        <\/div>\n    <\/div>\n\n    <div class=\"desc excerptfull \" >\n        <h4>16.03.2023, exxpress &#8211; Kommentare<\/h4>\n        <div class=\"excerpt\">\n            <p>'Kindersch\u00fctzer warnen vor Drag-Shows: \"Schwer traumatisierend f\u00fcr F\u00fcnfj\u00e4hrige\"'<\/p>        <\/div>\n    <\/div>\n\n            <\/a>\n    \n    <\/li>\n\n    \n            <li class=\"entry col clearfix\">\n    \n            <a href=\"https:\/\/www.konflikthilfe.at\/en\/01-02-2023-oo-krone\/\">    \n    <div class=\"pic\">\n        <div class=\"picbox\">\n            <img loading=\"lazy\" decoding=\"async\" width=\"600\" height=\"400\" src=\"https:\/\/www.konflikthilfe.at\/wp\/wp-content\/uploads\/Kindesabnahme-mit-angemessener-Gewalt-Artikel-Konen-Zeitung-01.02.2023-1-600x400.jpg\" class=\"attachment-articlepic size-articlepic wp-post-image\" alt=\"\" \/>        <\/div>\n    <\/div>\n\n    <div class=\"desc excerptfull \" >\n        <h4>01.02.2023, O\u00d6 Krone<\/h4>\n        <div class=\"excerpt\">\n            <p>'O\u00d6: Kindesabnahme mit angemessener Gewalt'<\/p>        <\/div>\n    <\/div>\n\n            <\/a>\n    \n    <\/li>\n\n    \n            <li class=\"entry col clearfix\">\n    \n            <a href=\"https:\/\/www.konflikthilfe.at\/en\/09-01-2022-oo-krone\/\">    \n    <div class=\"pic\">\n        <div class=\"picbox\">\n            <img loading=\"lazy\" decoding=\"async\" width=\"600\" height=\"400\" src=\"https:\/\/www.konflikthilfe.at\/wp\/wp-content\/uploads\/Vorlaeufiges-Ende-in-Obsorgefall-1-600x400.jpg\" class=\"attachment-articlepic size-articlepic wp-post-image\" alt=\"\" \/>        <\/div>\n    <\/div>\n\n    <div class=\"desc excerptfull \" >\n        <h4>09.01.2022, O\u00d6 Krone<\/h4>\n        <div class=\"excerpt\">\n            <p>'O\u00d6: Vorl\u00e4ufiges Ende in Obsorgefall'<\/p>        <\/div>\n    <\/div>\n\n            <\/a>\n    \n    <\/li>\n\n    \n            <li class=\"entry col clearfix\">\n    \n            <a href=\"https:\/\/www.konflikthilfe.at\/en\/22-09-2021-krone\/\">    \n    <div class=\"pic\">\n        <div class=\"picbox\">\n            <img loading=\"lazy\" decoding=\"async\" width=\"600\" height=\"400\" src=\"https:\/\/www.konflikthilfe.at\/wp\/wp-content\/uploads\/Unbenannt0-600x400.jpg\" class=\"attachment-articlepic size-articlepic wp-post-image\" alt=\"\" \/>        <\/div>\n    <\/div>\n\n    <div class=\"desc excerptfull \" >\n        <h4>22.09.2021, Krone<\/h4>\n        <div class=\"excerpt\">\n            <p>'O\u00d6: Mutter k\u00e4mpft weiter um Sohn'<\/p>        <\/div>\n    <\/div>\n\n            <\/a>\n    \n    <\/li>\n\n    \n            <li class=\"entry col clearfix\">\n    \n            <a href=\"https:\/\/www.konflikthilfe.at\/en\/02-06-2021-krone\/\">    \n    <div class=\"pic\">\n        <div class=\"picbox\">\n            <img loading=\"lazy\" decoding=\"async\" width=\"600\" height=\"400\" src=\"https:\/\/www.konflikthilfe.at\/wp\/wp-content\/uploads\/Krone-02062021-1-600x400.jpg\" class=\"attachment-articlepic size-articlepic wp-post-image\" alt=\"\" \/>        <\/div>\n    <\/div>\n\n    <div class=\"desc excerptfull \" >\n        <h4>02.06.2021, Krone<\/h4>\n        <div class=\"excerpt\">\n            <p>'O\u00d6: Sorge um behinderten Buben in Heim w\u00e4chst weiter'<\/p>        <\/div>\n    <\/div>\n\n            <\/a>\n    \n    <\/li>\n\n    \n            <li class=\"entry col clearfix\">\n    \n            <a href=\"https:\/\/www.konflikthilfe.at\/en\/21-04-2021-krone\/\">    \n    <div class=\"pic\">\n        <div class=\"picbox\">\n            <img loading=\"lazy\" decoding=\"async\" width=\"600\" height=\"400\" src=\"https:\/\/www.konflikthilfe.at\/wp\/wp-content\/uploads\/Krone-Konflikthilfe-Tews-Margreth-1-600x400.jpg\" class=\"attachment-articlepic size-articlepic wp-post-image\" alt=\"\" \/>        <\/div>\n    <\/div>\n\n    <div class=\"desc excerptfull \" >\n        <h4>21.04.2021, Krone<\/h4>\n        <div class=\"excerpt\">\n            <p>'Ober\u00f6sterreicherin k\u00e4mpft um behinderten Sohn ...'<\/p>        <\/div>\n    <\/div>\n\n            <\/a>\n    \n    <\/li>\n\n    \n            <li class=\"entry col clearfix\">\n    \n            <a href=\"https:\/\/www.konflikthilfe.at\/en\/30-06-2020-krone\/\">    \n    <div class=\"pic\">\n        <div class=\"picbox\">\n            <img loading=\"lazy\" decoding=\"async\" width=\"600\" height=\"400\" src=\"https:\/\/www.konflikthilfe.at\/wp\/wp-content\/uploads\/Krone-3-1-600x400.jpg\" class=\"attachment-articlepic size-articlepic wp-post-image\" alt=\"\" \/>        <\/div>\n    <\/div>\n\n    <div class=\"desc excerptfull \" >\n        <h4>30.06.2020, Krone<\/h4>\n        <div class=\"excerpt\">\n            <p>'Es war Gefahr in Verzug ...'<\/p>        <\/div>\n    <\/div>\n\n            <\/a>\n    \n    <\/li>\n\n    \n            <li class=\"entry col clearfix\">\n    \n            <a href=\"https:\/\/www.konflikthilfe.at\/en\/29-06-2020-krone\/\">    \n    <div class=\"pic\">\n        <div class=\"picbox\">\n            <img loading=\"lazy\" decoding=\"async\" width=\"600\" height=\"400\" src=\"https:\/\/www.konflikthilfe.at\/wp\/wp-content\/uploads\/Krone-2-1-600x400.jpg\" class=\"attachment-articlepic size-articlepic wp-post-image\" alt=\"\" \/>        <\/div>\n    <\/div>\n\n    <div class=\"desc excerptfull \" >\n        <h4>29.06.2020, Krone<\/h4>\n        <div class=\"excerpt\">\n            <p>'Jetzt bangt die Mutter auch um zweiten Sohn'<\/p>        <\/div>\n    <\/div>\n\n            <\/a>\n    \n    <\/li>\n\n    \n            <li class=\"entry col clearfix\">\n    \n            <a href=\"https:\/\/www.konflikthilfe.at\/en\/28-06-2020-krone\/\">    \n    <div class=\"pic\">\n        <div class=\"picbox\">\n            <img loading=\"lazy\" decoding=\"async\" width=\"600\" height=\"400\" src=\"https:\/\/www.konflikthilfe.at\/wp\/wp-content\/uploads\/Krone-1-1-600x400.jpg\" class=\"attachment-articlepic size-articlepic wp-post-image\" alt=\"\" \/>        <\/div>\n    <\/div>\n\n    <div class=\"desc excerptfull \" >\n        <h4>28.06.2020, Krone<\/h4>\n        <div class=\"excerpt\">\n            <p>'Kind nach 5 1\/2 Jahren verloren'<\/p>        <\/div>\n    <\/div>\n\n            <\/a>\n    \n    <\/li>\n\n    \n            <li class=\"entry col clearfix\">\n    \n            <a href=\"https:\/\/www.konflikthilfe.at\/en\/12-05-2020-die-oberosterreicherin\/\">    \n    <div class=\"pic\">\n        <div class=\"picbox\">\n            <img loading=\"lazy\" decoding=\"async\" width=\"600\" height=\"400\" src=\"https:\/\/www.konflikthilfe.at\/wp\/wp-content\/uploads\/1-1-600x400.jpg\" class=\"attachment-articlepic size-articlepic wp-post-image\" alt=\"\" \/>        <\/div>\n    <\/div>\n\n    <div class=\"desc excerptfull \" >\n        <h4>12.05.2020, Die Ober\u00f6sterreicherin<\/h4>\n        <div class=\"excerpt\">\n            <p>'\u00d6sterreichs vergessene Kinder'<\/p>        <\/div>\n    <\/div>\n\n            <\/a>\n    \n    <\/li>\n\n        <\/ul>\n\n<div class='pagination clearfix'>\n<div class='pages-navi clearfix'>\n<div class='pagenumbers'>\n<a class='current'>1<\/a><a href='https:\/\/www.konflikthilfe.at\/en\/wp-json\/wp\/v2\/pages\/570\/page\/2\/?anchor=zeitungsartikel-en&#038;paged=2' class='inactive '>2<\/a><a href='https:\/\/www.konflikthilfe.at\/en\/wp-json\/wp\/v2\/pages\/570\/page\/3\/?anchor=zeitungsartikel-en&#038;paged=3' class='inactive '>3<\/a><a href='https:\/\/www.konflikthilfe.at\/en\/wp-json\/wp\/v2\/pages\/570\/page\/4\/?anchor=zeitungsartikel-en&#038;paged=4' class='inactive '>4<\/a><\/div>\n<a class='arrowbutton' href='https:\/\/www.konflikthilfe.at\/en\/wp-json\/wp\/v2\/pages\/570\/page\/2\/?anchor=zeitungsartikel-en&#038;paged=2'>&rsaquo;<\/a><\/div>\n<div class='pages-info'>93 Eintr\u00e4ge auf 4 Seiten<\/div>\n<\/div>","protected":false},"excerpt":{"rendered":"<p>Press Articles<\/p>\n","protected":false},"author":4,"featured_media":0,"parent":568,"menu_order":64,"comment_status":"closed","ping_status":"closed","template":"","meta":{"footnotes":""},"class_list":["post-570","page","type-page","status-publish","hentry"],"_links":{"self":[{"href":"https:\/\/www.konflikthilfe.at\/en\/wp-json\/wp\/v2\/pages\/570","targetHints":{"allow":["GET"]}}],"collection":[{"href":"https:\/\/www.konflikthilfe.at\/en\/wp-json\/wp\/v2\/pages"}],"about":[{"href":"https:\/\/www.konflikthilfe.at\/en\/wp-json\/wp\/v2\/types\/page"}],"author":[{"embeddable":true,"href":"https:\/\/www.konflikthilfe.at\/en\/wp-json\/wp\/v2\/users\/4"}],"replies":[{"embeddable":true,"href":"https:\/\/www.konflikthilfe.at\/en\/wp-json\/wp\/v2\/comments?post=570"}],"version-history":[{"count":6,"href":"https:\/\/www.konflikthilfe.at\/en\/wp-json\/wp\/v2\/pages\/570\/revisions"}],"predecessor-version":[{"id":878,"href":"https:\/\/www.konflikthilfe.at\/en\/wp-json\/wp\/v2\/pages\/570\/revisions\/878"}],"up":[{"embeddable":true,"href":"https:\/\/www.konflikthilfe.at\/en\/wp-json\/wp\/v2\/pages\/568"}],"wp:attachment":[{"href":"https:\/\/www.konflikthilfe.at\/en\/wp-json\/wp\/v2\/media?parent=570"}],"curies":[{"name":"wp","href":"https:\/\/api.w.org\/{rel}","templated":true}]}}